{"id":4049,"date":"2023-06-26T14:10:37","date_gmt":"2023-06-26T13:10:37","guid":{"rendered":"https:\/\/www.captennis.com\/open\/?page_id=4049"},"modified":"2025-06-19T10:09:37","modified_gmt":"2025-06-19T09:09:37","slug":"editos-2","status":"publish","type":"page","link":"https:\/\/www.captennis.com\/open\/editos-2\/","title":{"rendered":"Editos 2025"},"content":{"rendered":"<div class=\"flex_column av_one_fourth  flex_column_div av-zero-column-padding first  \" style='border-radius:0px; '><div class='avia-image-container  av-styling-circle    avia-align-center '  itemprop=\"ImageObject\" itemscope=\"itemscope\" itemtype=\"https:\/\/schema.org\/ImageObject\"  ><div class='avia-image-container-inner'><div class='avia-image-overlay-wrap'><img class='avia_image ' src='https:\/\/www.captennis.com\/open\/wp-content\/uploads\/2025\/06\/Capture-decran-2025-06-19-a-10.45.31-257x300.png' alt='' title='Paul MASO' height=\"300\"width=\"257\"  itemprop=\"thumbnailUrl\"  \/><\/div><\/div><\/div><\/div>\n<div class=\"flex_column av_three_fourth  flex_column_div av-zero-column-padding   \" style='border-radius:0px; '><p><div style='padding-bottom:10px; ' class='av-special-heading av-special-heading-h3    '><h3 class='av-special-heading-tag '  itemprop=\"headline\"  >Editos 28e ENGIE OPEN<\/h3><div class='special-heading-border'><div class='special-heading-inner-border' ><\/div><\/div><\/div><br \/>\n<section class=\"av_textblock_section \"  itemscope=\"itemscope\" itemtype=\"https:\/\/schema.org\/CreativeWork\" ><div class='avia_textblock  '   itemprop=\"text\" ><p>C&rsquo;est avec grand plaisir que nous voyons s&rsquo;enraciner \u00e0 P\u00e9rigueux, pour sa 28e \u00e9dition l&rsquo;Engie Open P\u00e9rigord. Cette comp\u00e9tition incontournable du tennis f\u00e9minin se joue, en effet chaque ann\u00e9e sur les terrains en terre battue de la ville pour un spectacle qui promet d&rsquo;\u00eatre inoubliable. Ce magnifique espace sportif et naturel reconnu comme l&rsquo;un des plus qualitatifs de Nouvelle Aquitaine t\u00e9moigne de la volont\u00e9 municipale de promouvoir l&rsquo;image sportive de la ville.<\/p>\n<p>P\u00e9rigueux est une ville d&rsquo;histoire, de culture et de sport. Depuis plusieurs ann\u00e9es. nous avons fait le choix d&rsquo;investir dans des \u00e9quipements modernes accessibles et structurants. comme en t\u00e9moigne la restructuration du Parc des sports et des loisirs. En redonnant vie aux stades de rugby, d&rsquo;athl\u00e9tisme. et, bien s\u00fbr, de tennis, de padel, nous encourageons la pratique sportive \u00e0 tous les \u00e2ges et pour tous les niveaux.<\/p>\n<p>Le sport, c&rsquo;est un vecteur d&rsquo;\u00e9mancipation unique dans lequel chacun se reconnait et peut s&rsquo;\u00e9panouir. En favorisant le sport partout et pour toutes et tous, nous faisons n\u00f4tres ses valeurs fondamentales inclusion. respect. \u00e9galit\u00e9. A ce titre, nous nous r\u00e9jouissons de mettre \u00e0 l&rsquo;honneur, \u00e0 l&rsquo;occasion de l&rsquo;Engie Open P\u00e9rigord, le sport f\u00e9minin. Parce que nous savons que le sport f\u00e9minin doit continuer \u00e0 gagner en visibilit\u00e9, en audience. en attractivit\u00e9, nous soutenons sans r\u00e9serve cette manifestation.<\/p>\n<p>Je veux saluer le travail men\u00e9 par le Pr\u00e9sident du CAP Tennis Padel, Bernard Darqu\u00e9, ainsi que les membres du Conseil d&rsquo;administration, les salari\u00e9s, les b\u00e9n\u00e9voles de l&rsquo;association, sans oublier les personnels des services de la ville de P\u00e9rigueux. Le club oeuvre non seulement \u00e0 l&rsquo;organisation de plusieurs comp\u00e9titions de haut niveau, mais aussi, tout au long de l&rsquo;ann\u00e9e, \u00e0 rendre accessible le tennis pour toutes et tous, notamment en d\u00e9ployant des dispositifs pluri-partenariaux comme des projets dans le cadre de la Politique de la ville.<\/p>\n<p>A toutes les joueuses. \u00e0 leurs \u00e9quipes, aux partenaires priv\u00e9s et institutionnels et \u00e0 tous les visiteurs, je souhaite la bienvenue \u00e0 P\u00e9rigueux. Que vous soyez ici pour la comp\u00e9tition ou la d\u00e9couverte. nous vous invitons \u00e0 profiter de l&rsquo;accueil chaleureux de notre ville. de son patrimoine exceptionnel, de sa gastronomie &#8230; et bien s\u00fbr de son esprit sportif.<\/p>\n<p>J&rsquo;encourage donc les joueuses \u00e0 prendre du plaisir et \u00e0 nous transmettre beaucoup d&rsquo;\u00e9motions. Que chacune et chacun d&rsquo;entre vous vive la magie du sport \u00e0 P\u00e9rigueux.<\/p>\n<\/div><\/section><br \/>\n<section class=\"av_textblock_section \"  itemscope=\"itemscope\" itemtype=\"https:\/\/schema.org\/CreativeWork\" ><div class='avia_textblock  '   itemprop=\"text\" ><p><span style=\"color: #000000;\"><strong>Paul Maso<\/strong><\/span><\/p>\n<p><span style=\"color: #808080;\"><strong>Adjoint au sport<\/strong><\/span><\/p>\n<p><span style=\"color: #808080;\"><strong>Mairie de P\u00e9rigueux<\/strong><\/span><\/p>\n<\/div><\/section><\/p><\/div><div  class='hr hr-default  '><span class='hr-inner ' ><span class='hr-inner-style'><\/span><\/span><\/div><\/p>\n<div class=\"flex_column av_one_fourth  flex_column_div av-zero-column-padding first  \" style='border-radius:0px; '><div class='avia-image-container  av-styling-circle    avia-align-center '  itemprop=\"ImageObject\" itemscope=\"itemscope\" itemtype=\"https:\/\/schema.org\/ImageObject\"  ><div class='avia-image-container-inner'><div class='avia-image-overlay-wrap'><img class='avia_image ' src='https:\/\/www.captennis.com\/open\/wp-content\/uploads\/2023\/06\/Alain-MOREAU.jpg' alt='' title='Alain MOREAU' height=\"584\"width=\"466\"  itemprop=\"thumbnailUrl\"  \/><\/div><\/div><\/div><\/div>\n<div class=\"flex_column av_three_fourth  flex_column_div av-zero-column-padding   \" style='border-radius:0px; '><p><section class=\"av_textblock_section \"  itemscope=\"itemscope\" itemtype=\"https:\/\/schema.org\/CreativeWork\" ><div class='avia_textblock  '   itemprop=\"text\" ><p>Dans quelques jours, le circuit professionnel f\u00e9minin prendra de ses quartiers au CA P\u00e9rigueux \u00e0 l&rsquo;occasion de la 28\u00e8me \u00e9dition de l&rsquo;Open ENGIE du P\u00e9rigord.<\/p>\n<p>Signe du dynamisme incontestable de nos clubs, mais \u00e9galement de notre Ligue, cet \u00e9v\u00e8nement doit son succ\u00e8s aux nombreux b\u00e9n\u00e9voles, qui s&rsquo;impliquent sans rel\u00e2che sous la houlette de Bernard DARQUE. Le professionnalisme des organisateurs, un accueil sans faille, ainsi qu&rsquo;un savoir-faire ind\u00e9niable, soulign\u00e9s ann\u00e9e apr\u00e8s ann\u00e9e par les joueuses venues du monde entier, sont les \u00e9l\u00e9ments cl\u00e9s d&rsquo;une organisation remarquable et d&rsquo;un tournoi qui a depuis longtemps acquis ses lettres de noblesse.<\/p>\n<p>L&rsquo;appui ind\u00e9fectible d&rsquo;ENGIE et de nombreux partenaires institutionnels et priv\u00e9 a \u00e9galement grandement contribu\u00e9 \u00e0 positionner cette comp\u00e9tition durablement dans le calendrier de ce d\u00e9but d&rsquo;\u00e9t\u00e9 mais \u00e9galement \u00e0 asseoir sa notori\u00e9t\u00e9 et sa p\u00e9rennit\u00e9 au sein du circuit ITF. Je profite de ces quelques lignes pour remercier b\u00e9n\u00e9voles et partenaires, qui permettent aux amateurs de tennis de P\u00e9rigueux et de Nouvelle-Aquitaine de vivre au plus pr\u00e8s une \u00e9tape majeure du circuit ITF F\u00e9minin en France. \u00a0Une fois de plus, le public de connaisseurs mass\u00e9 dans les tribunes du CA P\u00e9rigueux saura appr\u00e9cier le beau jeu propos\u00e9 et s&rsquo;extasier devant les coups brillants de ces joueuses confirm\u00e9es ou en devenir.<\/p>\n<p>Toutes auront comme seul et unique objectif d&rsquo;inscrire leur nom au palmar\u00e8s prestigieux de l&rsquo;\u00e9preuve et ainsi succ\u00e9der \u00e0 Emma LENE, tenante du titre et brillante vainqueur de l&rsquo;\u00e9dition 2024.<\/p>\n<p>Je vous donne donc rendez-vous autour des courts du CA P\u00e9rigueux du 23 au 29 Juin prochains pour acc\u00e9der \u00e0 cette 28\u00e8me \u00e9dition et vibrer au rythme des parties acharn\u00e9es que nous proposerons ces championnes venues de tous les horizons.<\/p>\n<p>Au plaisir de vous retrouver en terre p\u00e9rigourdine &#8230;<\/p>\n<p>Amicalement.<\/p>\n<\/div><\/section><br \/>\n<section class=\"av_textblock_section \"  itemscope=\"itemscope\" itemtype=\"https:\/\/schema.org\/CreativeWork\" ><div class='avia_textblock  '   itemprop=\"text\" ><p>Alain MOREAU<br \/>\nPr\u00e9sident de la Ligue Nouvelle-Aquitaine de Tennis<\/p>\n<\/div><\/section><\/p><\/div><div  class='hr hr-default  '><span class='hr-inner ' ><span class='hr-inner-style'><\/span><\/span><\/div><\/p>\n<div class=\"flex_column av_one_fourth  flex_column_div av-zero-column-padding first  \" style='border-radius:0px; '><div class='avia-image-container  av-styling-circle    avia-align-center '  itemprop=\"ImageObject\" itemscope=\"itemscope\" itemtype=\"https:\/\/schema.org\/ImageObject\"  ><div class='avia-image-container-inner'><div class='avia-image-overlay-wrap'><img class='avia_image ' src='https:\/\/www.captennis.com\/open\/wp-content\/uploads\/2019\/06\/germinal-peiro.jpg' alt='' title='germinal-peiro' height=\"408\"width=\"300\"  itemprop=\"thumbnailUrl\"  \/><\/div><\/div><\/div><\/div>\n<div class=\"flex_column av_three_fourth  flex_column_div av-zero-column-padding   \" style='border-radius:0px; '><p><div style='padding-bottom:10px; ' class='av-special-heading av-special-heading-h3     '><h3 class='av-special-heading-tag '  itemprop=\"headline\"  >Dordogne-P\u00e9rigord : un d\u00e9partement sport<\/h3><div class='special-heading-border'><div class='special-heading-inner-border' ><\/div><\/div><\/div><br \/>\n<section class=\"av_textblock_section \"  itemscope=\"itemscope\" itemtype=\"https:\/\/schema.org\/CreativeWork\" ><div class='avia_textblock  '   itemprop=\"text\" ><p>Le soutien au mouvement sportif a toujours \u00e9t\u00e9 une volont\u00e9 forte et assum\u00e9e du Conseil d\u00e9partemental de la Dordogne. Un soutien \u00e0 la fois en direction des comit\u00e9s sportifs, des clubs, des grands \u00e9v\u00e9nements mais aussi des infrastructures et des installations sportives.<\/p>\n<p>Le Centre d\u00e9partemental de tennis de Tr\u00e9lissac, compl\u00e9tement modernis\u00e9 et refait \u00e0 neuf en 2024, est l&rsquo;illustration de cet engagement du D\u00e9partement au service du sport pour toutes et pour tous, un sport vecteur de citoyennet\u00e9, de solidarit\u00e9, d&rsquo;int\u00e9gration, de sant\u00e9 et d&rsquo;\u00e9panouissement personnel.<\/p>\n<p>Le CAP Tennis Padel. avec ses centaines de licenci\u00e9s et son staff de b\u00e9n\u00e9voles, oeuvre au d\u00e9veloppement de la pratique dans notre d\u00e9partement puisqu&rsquo;il a su trouver un juste \u00e9quilibre entre le sport pour tous et le haut niveau, des plus jeunes aux v\u00e9t\u00e9rans.<\/p>\n<p>Partenaire historique du club et de l&rsquo;Open ENGIE, le Conseil d\u00e9partemental soutient ainsi l&rsquo;un des tournois phares du circuit f\u00e9minin de notre R\u00e9gion. Un tournoi qui ouvre l&rsquo;\u00e9t\u00e9 sportif p\u00e9rigourdin et demeure, au fil des ans, une belle comp\u00e9tition o\u00f9 s&rsquo;affrontent des championnes, futures t\u00eates d&rsquo;affiche du tennis f\u00e9minin international.<\/p>\n<p>Seul tournoi professionnel organis\u00e9 en Dordogne, enti\u00e8rement f\u00e9minin et jou\u00e9 sur terre battue, c&rsquo;est un beau spectacle qui attend les spectateurs au rendez-vous de cette nouvelle \u00e9dition 2025.<\/p>\n<\/div><\/section><br \/>\n<section class=\"av_textblock_section \"  itemscope=\"itemscope\" itemtype=\"https:\/\/schema.org\/CreativeWork\" ><div class='avia_textblock  '   itemprop=\"text\" ><h5>Germinal Peiro<\/h5>\n<p>Pr\u00e9sident du Conseil d\u00e9partemental<\/p>\n<\/div><\/section><\/p><\/div>\n<div  class='hr hr-default  '><span class='hr-inner ' ><span class='hr-inner-style'><\/span><\/span><\/div>\n<div class=\"flex_column av_one_fourth  flex_column_div av-zero-column-padding first  \" style='border-radius:0px; '><div class='avia-image-container  av-styling-circle    avia-align-center '  itemprop=\"ImageObject\" itemscope=\"itemscope\" itemtype=\"https:\/\/schema.org\/ImageObject\"  ><div class='avia-image-container-inner'><div class='avia-image-overlay-wrap'><img class='avia_image ' src='https:\/\/www.captennis.com\/open\/wp-content\/uploads\/2019\/06\/bernard-darque.jpg' alt='' title='bernard-darque' height=\"408\"width=\"300\"  itemprop=\"thumbnailUrl\"  \/><\/div><\/div><\/div><\/div>\n<div class=\"flex_column av_three_fourth  flex_column_div av-zero-column-padding   \" style='border-radius:0px; '><p><section class=\"av_textblock_section \"  itemscope=\"itemscope\" itemtype=\"https:\/\/schema.org\/CreativeWork\" ><div class='avia_textblock  '   itemprop=\"text\" ><p>Pour la 28\u00b0fois, le CAP Tennis Padel s&rsquo;est organis\u00e9 pour offrir aux p\u00e9rigourdines et aux p\u00e9rigourdins, l&rsquo;opportunit\u00e9 de voir celles qui seront dans quelques mois parmi les meilleures joueuses du tennis mondiale, \u00e0 l&rsquo;instar de Mirra Andreeva (lire page 18) qui vient de s&rsquo;installer dans le top 10 mondial (elle est n\u00b06) et qui d\u00e9fendra une 1\/2 finale \u00e0 Roland Garros acquise en 2024.<\/p>\n<p>Comme nos fran\u00e7aises qui sont illustr\u00e9es sur les courts du CAP Tennis Padel lors des derni\u00e8res \u00e9ditions : Varvara Gracheva, qui vient de s&rsquo;installer sur le podium du tennis f\u00e9minin Fran\u00e7ais, Diane Parry, S\u00e9l\u00e9na Janicijevic, Elsa Jacquemot ou L\u00e9olia Jeanjean vous assisterez \u00e0 des bagarres m\u00e9morables sur les courts du CAP Tennis Padel.<\/p>\n<p>Je remercie les nombreux partenaires qui nous soutiennent dans notre volont\u00e9 de r\u00e9ussir ce tournoi et le premier d&rsquo;entres eux ENGIE qui nous accompagne depuis le d\u00e9but de cette aventure Internationale f\u00e9minine et qui donne son titre \u00e0 cette manifestation.<\/p>\n<p>Je n&rsquo;oublie pas de remercier les nombreux b\u00e9n\u00e9voles sans qui cette belle f\u00eate ne pourrait \u00eatre une r\u00e9ussite.<\/p>\n<p>Je souhaite \u00e0 tous les spectateurs qui peuvent assister gratuitement, toute la semaine, \u00e0 tout les matchs, de venir nombreux et d&rsquo;amener avec eux leurs amis, leur famille et tous ceux qui connaissent ou veulent d\u00e9couvrir le tennis de haut niveau.<\/p>\n<p>L&rsquo;ENGIE OPEN du PERIGORD reste le plus haut niveau du tennis f\u00e9minin pr\u00e9sent en Dordogne. Que chacun en profite.<\/p>\n<p>Bonne semaine \u00e0 tous.<\/p>\n<\/div><\/section><br \/>\n<section class=\"av_textblock_section \"  itemscope=\"itemscope\" itemtype=\"https:\/\/schema.org\/CreativeWork\" ><div class='avia_textblock  '   itemprop=\"text\" ><h5>Bernard Darqu\u00e9<\/h5>\n<p>Directeur du tournoi<br \/>\nPr\u00e9sident du CA P\u00e9rigueux tennis-padel<\/p>\n<\/div><\/section><\/p><\/div><div  class='hr hr-default  '><span class='hr-inner ' ><span class='hr-inner-style'><\/span><\/span><\/div><\/p>\n<div class=\"flex_column av_one_fourth  flex_column_div av-zero-column-padding first  \" style='border-radius:0px; '><div class='avia-image-container  av-styling-circle    avia-align-center '  itemprop=\"ImageObject\" itemscope=\"itemscope\" itemtype=\"https:\/\/schema.org\/ImageObject\"  ><div class='avia-image-container-inner'><div class='avia-image-overlay-wrap'><img class='avia_image ' src='https:\/\/www.captennis.com\/open\/wp-content\/uploads\/2024\/05\/sabine-devynck-300x150.png' alt='' title='sabine-devynck' height=\"150\"width=\"300\"  itemprop=\"thumbnailUrl\"  \/><\/div><\/div><\/div><\/div>\n<div class=\"flex_column av_three_fourth  flex_column_div av-zero-column-padding   \" style='border-radius:0px; '><p><section class=\"av_textblock_section \"  itemscope=\"itemscope\" itemtype=\"https:\/\/schema.org\/CreativeWork\" ><div class='avia_textblock  '   itemprop=\"text\" ><p>L&rsquo;ENGIE Open du P\u00e9rigord entre dans sa 28\u00e8me \u00e9dition. Un rendez-vous ancr\u00e9 dans le paysage sportif local. que nous sommes fiers d&rsquo;accompagner depuis ses d\u00e9buts.<\/p>\n<p>ENGIE soutient le tennis f\u00e9minin depuis trente-trois ans et contribue \u00e0 son dynamisme \u00e0 travers le d\u00e9veloppement du circuit des ENGIE Open. Ce tournoi, organis\u00e9 \u00e0 P\u00e9rigueux, illustre notre volont\u00e9 de faire vivre notre engagement au plus pr\u00e8s des territoires, aux c\u00f4t\u00e9s des collectivit\u00e9s, partenaires institutionnels et acteurs locaux.<\/p>\n<p>En tant qu&rsquo; \u00e9nerg\u00e9ticien de r\u00e9f\u00e9rence dans l&rsquo;\u00e9nergie bas carbone et les services, nous accompagnons chaque jour les collectivit\u00e9s, les entreprises et les particuliers dans leur transition \u00e9nerg\u00e9tique.<\/p>\n<p>Le Groupe propose des solutions innovantes, performantes et respectueuses de l&rsquo;environnement qui r\u00e9pondent aux grands enjeux environnementaux et soci\u00e9taux.<\/p>\n<p>L&rsquo;ENGIE Open du P\u00e9rigord est aussi l&rsquo;occasion de mettre en lumi\u00e8re nos engagements en mati\u00e8re de responsabilit\u00e9<\/p>\n<p>sociale. Cette ann\u00e9e encore, nous sommes heureux d&rsquo;accueillir l&rsquo;association F\u00eate le Mur, qui oeuvre pour l&rsquo;insertion des jeunes par le sport. Un atelier de sensibilisation en lien avec l&rsquo;association Rebond sera \u00e9galement propos\u00e9 dans la continuit\u00e9 de nos actions pour lutter contre toutes formes de violences, notamment envers les jeunes dans le milieu sportif.<\/p>\n<p>L&rsquo;ENGIE Open du P\u00e9rigord a re\u00e7u les plus grandes joueuses espoirs sur terre battue et permet de faire d\u00e9couvrir les championnes de demain. Je tiens \u00e0 saluer le tour de force, le travail et le dynamisme de Bernard Darqu\u00e9, de son \u00e9quipe et de tous les b\u00e9n\u00e9voles mobilis\u00e9s autour de cette \u00e9dition.<\/p>\n<p>Je souhaite \u00e0 toutes et \u00e0 tous un beau tournoi, une semaine sportive riche en d\u00e9couvertes et en convivialit\u00e9.<\/p>\n<\/div><\/section><br \/>\n<section class=\"av_textblock_section \"  itemscope=\"itemscope\" itemtype=\"https:\/\/schema.org\/CreativeWork\" ><div class='avia_textblock  '   itemprop=\"text\" ><p><strong>Sabine DEVYNCK<\/strong><\/p>\n<p>Directeur R\u00e9gional Nouvelle-Aquitaine<\/p>\n<\/div><\/section><\/p><\/div><div  class='hr hr-default  '><span class='hr-inner ' ><span class='hr-inner-style'><\/span><\/span><\/div><\/p>\n<div class=\"flex_column av_one_fourth  flex_column_div av-zero-column-padding first  \" style='border-radius:0px; '><div class='avia-image-container  av-styling-circle    avia-align-center '  itemprop=\"ImageObject\" itemscope=\"itemscope\" itemtype=\"https:\/\/schema.org\/ImageObject\"  ><div class='avia-image-container-inner'><div class='avia-image-overlay-wrap'><img class='avia_image ' src='https:\/\/www.captennis.com\/open\/wp-content\/uploads\/2025\/06\/Capture-decran-2025-06-19-a-10.59.30-251x300.png' alt='' title='Cl\u00e9ment HYVOZ' height=\"300\"width=\"251\"  itemprop=\"thumbnailUrl\"  \/><\/div><\/div><\/div><\/div>\n<div class=\"flex_column av_three_fourth  flex_column_div av-zero-column-padding   \" style='border-radius:0px; '><p><section class=\"av_textblock_section \"  itemscope=\"itemscope\" itemtype=\"https:\/\/schema.org\/CreativeWork\" ><div class='avia_textblock  '   itemprop=\"text\" ><p>L&rsquo;Engie Open du P\u00e9rigord est un tournoi bien ancr\u00e9 dans le paysage p\u00e9rigourdin. Il fait partie de ces tournois qui sont l&rsquo;antichambre du circuit WTA et qui constituent le tremplin id\u00e9al pour les jeunes espoirs du tennis mondial. J&rsquo;ai notamment en t\u00eate la finale de 2021 entre Diane Parry et Elsa Jacquemot, tour \u00e0 tour n\u00b0l mondiales juniors, ou encore la pr\u00e9sence de Mirra Andreeva, \u00f3 finaliste du tournoi en 2022 et actuelle top 10 mondiale. C&rsquo;est aussi l&rsquo;occasion de croiser les anciennes gloires du circuit comme Patty Schnyder, vainqueur en 2017 et ancienne n\u00b07 mondiale. ainsi que nos meilleures joueuses r\u00e9gionales form\u00e9es dans les clubs p\u00e9rigourdins<\/p>\n<p>comme Audrey Albi\u00e9 ou Alicia Martial. Le club du CAP a toujours port\u00e9 une attention particuli\u00e8re au tennis f\u00e9minin et compte dans ses rangs de jeunes espoirs comme Fanny Lancry 10 ans. des joueuses confirm\u00e9es \u00e9voluant en championnat de France &#8211; Am\u00e9lie Mathieu et Tim\u00e9a Gallien &#8211; et m\u00eame une championne du monde Mary-Jane Marty, sacr\u00e9e en 2023 dans la cat\u00e9gorie +80ans. C&rsquo;est au total plus de 150 licenci\u00e9es f\u00e9minines qui \u00e9voluent au club et participent aux diff\u00e9rentes actions men\u00e9es par le club et le Comit\u00e9 : raquettes ados, raquettes FFT, interclubs mixtes de tennis et padel, tournois homologu\u00e9s. championnats par \u00e9quipes et individuels.<\/p>\n<p>Quelle serait une plus belle r\u00e9compense que la victoire future d&rsquo;une jeune capiste form\u00e9e par lesenseignants locaux !<\/p>\n<p>Je tiens \u00e0 f\u00e9liciter toute l&rsquo;\u00e9quipe du CAP: dirigeants. b\u00e9n\u00e9voles, salari\u00e9s et enseignants qui s&rsquo;activentpendant des mois pour que l&rsquo;Engie Open soit une r\u00e9ussite et qui oeuvrent aussi tout au long de l&rsquo;ann\u00e9epour faire du CAP un club reconnu dans l&rsquo;ensemble du d\u00e9partement et de la Ligue. Le Comit\u00e9d\u00e9partemental s&rsquo;inscrit en soutien du club en offrant notamment l&rsquo;acc\u00e8s aux infrastructures d\u00e9partementales,un accompagnement financier pour les jeunes espoirs ou encore une aide logistique lorsque cela<\/p>\n<p>est n\u00e9cessaire.<\/p>\n<p>Je remercie enfin vivement tous les partenaires institutionnels et priv\u00e9s qui, par leur pr\u00e9cieux soutien depuisla cr\u00e9ation du tournoi, rendent possible la tenue d&rsquo;un tel \u00e9v\u00e9nement \u00e0 P\u00e9rigueux.<\/p>\n<p>Je souhaite \u00e0 toutes et \u00e0 tous une excellente \u00e9dition 2025 comp\u00e9titive et conviviale ainsi qu&rsquo;un bel \u00e9t\u00e9 \u00e0<\/p>\n<p>tous nos joueurs de tennis !<\/p>\n<\/div><\/section><br \/>\n<section class=\"av_textblock_section \"  itemscope=\"itemscope\" itemtype=\"https:\/\/schema.org\/CreativeWork\" ><div class='avia_textblock  '   itemprop=\"text\" ><h5>Cl\u00e9ment HYVOZ<\/h5>\n<p>Pr\u00e9sident du comit\u00e9 Dordogne<\/p>\n<\/div><\/section><\/p><\/div><div  class='hr hr-default  '><span class='hr-inner ' ><span class='hr-inner-style'><\/span><\/span><\/div><\/p>\n<div class=\"flex_column av_one_fourth  flex_column_div av-zero-column-padding first  \" style='border-radius:0px; '><div class='avia-image-container  av-styling-circle    avia-align-center '  itemprop=\"ImageObject\" itemscope=\"itemscope\" itemtype=\"https:\/\/schema.org\/ImageObject\"  ><div class='avia-image-container-inner'><div class='avia-image-overlay-wrap'><img class='avia_image ' src='https:\/\/www.captennis.com\/open\/wp-content\/uploads\/2023\/06\/Alain-Rousset.jpg' alt='' title='Alain-Rousset' height=\"2629\"width=\"1920\"  itemprop=\"thumbnailUrl\"  \/><\/div><\/div><\/div><\/div>\n<div class=\"flex_column av_three_fourth  flex_column_div av-zero-column-padding   \" style='border-radius:0px; '><p><section class=\"av_textblock_section \"  itemscope=\"itemscope\" itemtype=\"https:\/\/schema.org\/CreativeWork\" ><div class='avia_textblock  '   itemprop=\"text\" ><p>Dans la dynamique positive laiss\u00e9e par les Jeux Olympiques et Paralympiques de Paris 2024, la passion du sport continue d&rsquo;unir les territoires et de faire rayonner nos valeurs de solidarit\u00e9, d&rsquo;engagement et de vitalit\u00e9.<\/p>\n<p>C&rsquo;est pourquoi la R\u00e9gion Nouvelle-Aquitaine continue plus que jamais d&rsquo;affirmer son engagement aux c\u00f4t\u00e9s de celles et ceux qui contribuent au dynamisme sportif r\u00e9gional.<\/p>\n<p>Cette ann\u00e9e encore. elle renouvelle son soutien CAP Tennis et Padel pour l&rsquo;organisation de la 28e \u00e9dition de l&rsquo;Engie Open P\u00e9rigord W35. A deux semaines de Roland Garros. cette \u00e9tape du circuit professionnel f\u00e9minin ITF est l&rsquo;occasion, pour les joueuses d&rsquo;une dizaine de nationalit\u00e9s, de s&rsquo;affronter sur terre battue. Championnes en devenir ou confirm\u00e9es, toutes sauront briller, mais au soir du 29 juin, seule la meilleure inscrira son nom au palmar\u00e8s de l&rsquo;Engie Open P\u00e9rigord 2025.<\/p>\n<p>Je tiens \u00e0 f\u00e9liciter l&rsquo;\u00e9quipe d&rsquo;organisation et les b\u00e9n\u00e9voles qui n&rsquo;ont m\u00e9nag\u00e9 ni leur temps ni leurs efforts pour r\u00e9unir un plateau de qualit\u00e9, preuve, s&rsquo;il en est, d&rsquo;un dynamisme et d&rsquo;une implication exemplaires.<\/p>\n<p>Je souhaite le plus vif succ\u00e8s aux joueuses, et pr\u00e9sente mes voeux chaleureux de bienvenue en Nouvelle-Aquitaine, terre de sport, de passion et d&rsquo;accueil, \u00e0 tout.es celles et ceux venues de loin.<\/p>\n<\/div><\/section><br \/>\n<section class=\"av_textblock_section \"  itemscope=\"itemscope\" itemtype=\"https:\/\/schema.org\/CreativeWork\" ><div class='avia_textblock  '   itemprop=\"text\" ><p><strong>Alain ROUSSET<\/strong><\/p>\n<p>Pr\u00e9sident du Conseil R\u00e9gional de Nouvelle-Aquitaine<\/p>\n<\/div><\/section><\/p><\/div><div  class='hr hr-default  '><span class='hr-inner ' ><span class='hr-inner-style'><\/span><\/span><\/div><\/p>\n<div class=\"flex_column av_one_fourth  flex_column_div av-zero-column-padding first  \" style='border-radius:0px; '><div class='avia-image-container  av-styling-circle    avia-align-center '  itemprop=\"ImageObject\" itemscope=\"itemscope\" itemtype=\"https:\/\/schema.org\/ImageObject\"  ><div class='avia-image-container-inner'><div class='avia-image-overlay-wrap'><img class='avia_image ' src='https:\/\/www.captennis.com\/open\/wp-content\/uploads\/2023\/06\/Gilles-Moretton.jpg' alt='' title='Gilles-Moretton' height=\"3230\"width=\"1920\"  itemprop=\"thumbnailUrl\"  \/><\/div><\/div><\/div><\/div>\n<div class=\"flex_column av_three_fourth  flex_column_div av-zero-column-padding   \" style='border-radius:0px; '><p><section class=\"av_textblock_section \"  itemscope=\"itemscope\" itemtype=\"https:\/\/schema.org\/CreativeWork\" ><div class='avia_textblock  '   itemprop=\"text\" ><p>Epreuve f\u00e9minine, l&rsquo;Open ENGIE P\u00e9rigord s&rsquo;appr\u00eate \u00e0 vivre sa 28e \u00e9dition.<\/p>\n<p>Cette long\u00e9vit\u00e9 constitue une juste r\u00e9compense pour l&rsquo;\u00e9quipe d&rsquo;organisation dirig\u00e9e par Bernard Darqu\u00e9, \u00e0 laquelle il faut associer l&rsquo;inestimable contribution des partenaires, dont ENGIE, la Municipalit\u00e9 de P\u00e9rigueux. les Conseil r\u00e9gional de Nouvelle-Aquitaine et le Conseil d\u00e9partemental de la Dordogne.<\/p>\n<p>Au-del\u00e0 de l&rsquo;aspect sportif, rappelons- le, ce type d&rsquo;\u00e9preuves, soutenus par la FFT, cr\u00e9ent souvent une forte dynamique locale \u00e0 tous les niveaux, notamment dans les clubs. Ils f\u00e9d\u00e8rent les \u00e9nergies, ouvrent aux jeunes une fen\u00eatre sur le tennis de haut niveau ou permettent encore aux arbitres d&rsquo;acqu\u00e9rir de l&rsquo;exp\u00e9rience &#8230;<\/p>\n<p>Je profite de l&rsquo;occasion pour adresser mes plus vifs remerciements aux dirigeants de la ligue de Nouvelle-Aquitaine et du comit\u00e9 de Dordogne, ainsi qu&rsquo;aux b\u00e9n\u00e9voles du CA P\u00e9rigueux Tennis Padel, club d&rsquo;accueil.<\/p>\n<p>Enfin, je formule mes encouragements sportifs \u00e0 l&rsquo;ensemble des joueuses qui prendront part \u00e0 cette manifestation, tout en souhaitant que l&rsquo;une de nos repr\u00e9sentantes transforme cette nouvelle \u00e9dition en une f\u00eate inoubliable.<\/p>\n<\/div><\/section><br \/>\n<section class=\"av_textblock_section \"  itemscope=\"itemscope\" itemtype=\"https:\/\/schema.org\/CreativeWork\" ><div class='avia_textblock  '   itemprop=\"text\" ><p><strong>Gilles Moretton<\/strong><\/p>\n<p><strong>Pr\u00e9sident de la FFT<\/strong><\/p>\n<\/div><\/section><\/p><\/div>\n","protected":false},"excerpt":{"rendered":"","protected":false},"author":1,"featured_media":0,"parent":0,"menu_order":0,"comment_status":"closed","ping_status":"closed","template":"","meta":{"_acf_changed":false,"footnotes":""},"class_list":["post-4049","page","type-page","status-publish","hentry"],"acf":[],"yoast_head":"<!-- This site is optimized with the Yoast SEO plugin v22.8 - https:\/\/yoast.com\/wordpress\/plugins\/seo\/ -->\n<title>Editos 2025 | Cap Tennis<\/title>\n<meta name=\"robots\" content=\"index, follow, max-snippet:-1, max-image-preview:large, max-video-preview:-1\" \/>\n<link rel=\"canonical\" href=\"https:\/\/www.captennis.com\/open\/editos-2\/\" \/>\n<meta property=\"og:locale\" content=\"fr_FR\" \/>\n<meta property=\"og:type\" content=\"article\" \/>\n<meta property=\"og:title\" content=\"Editos 2025 | Cap Tennis\" \/>\n<meta property=\"og:url\" content=\"https:\/\/www.captennis.com\/open\/editos-2\/\" \/>\n<meta property=\"og:site_name\" content=\"Cap Tennis\" \/>\n<meta property=\"article:publisher\" content=\"https:\/\/www.facebook.com\/cap.tennis.5?fref=nf\" \/>\n<meta property=\"article:modified_time\" content=\"2025-06-19T09:09:37+00:00\" \/>\n<meta name=\"twitter:card\" content=\"summary_large_image\" \/>\n<meta name=\"twitter:label1\" content=\"Dur\u00e9e de lecture estim\u00e9e\" \/>\n\t<meta name=\"twitter:data1\" content=\"17 minutes\" \/>\n<script type=\"application\/ld+json\" class=\"yoast-schema-graph\">{\"@context\":\"https:\/\/schema.org\",\"@graph\":[{\"@type\":\"WebPage\",\"@id\":\"https:\/\/www.captennis.com\/open\/editos-2\/\",\"url\":\"https:\/\/www.captennis.com\/open\/editos-2\/\",\"name\":\"Editos 2025 | Cap Tennis\",\"isPartOf\":{\"@id\":\"https:\/\/www.captennis.com\/open\/#website\"},\"datePublished\":\"2023-06-26T13:10:37+00:00\",\"dateModified\":\"2025-06-19T09:09:37+00:00\",\"breadcrumb\":{\"@id\":\"https:\/\/www.captennis.com\/open\/editos-2\/#breadcrumb\"},\"inLanguage\":\"fr-FR\",\"potentialAction\":[{\"@type\":\"ReadAction\",\"target\":[\"https:\/\/www.captennis.com\/open\/editos-2\/\"]}]},{\"@type\":\"BreadcrumbList\",\"@id\":\"https:\/\/www.captennis.com\/open\/editos-2\/#breadcrumb\",\"itemListElement\":[{\"@type\":\"ListItem\",\"position\":1,\"name\":\"Accueil\",\"item\":\"https:\/\/www.captennis.com\/open\/accueil\/\"},{\"@type\":\"ListItem\",\"position\":2,\"name\":\"Editos 2025\"}]},{\"@type\":\"WebSite\",\"@id\":\"https:\/\/www.captennis.com\/open\/#website\",\"url\":\"https:\/\/www.captennis.com\/open\/\",\"name\":\"Cap Tennis\",\"description\":\"Site Officiel du CAP Tennis - P\u00e9rigueux\",\"publisher\":{\"@id\":\"https:\/\/www.captennis.com\/open\/#organization\"},\"potentialAction\":[{\"@type\":\"SearchAction\",\"target\":{\"@type\":\"EntryPoint\",\"urlTemplate\":\"https:\/\/www.captennis.com\/open\/?s={search_term_string}\"},\"query-input\":\"required name=search_term_string\"}],\"inLanguage\":\"fr-FR\"},{\"@type\":\"Organization\",\"@id\":\"https:\/\/www.captennis.com\/open\/#organization\",\"name\":\"CAP Tennis\",\"url\":\"https:\/\/www.captennis.com\/open\/\",\"logo\":{\"@type\":\"ImageObject\",\"inLanguage\":\"fr-FR\",\"@id\":\"https:\/\/www.captennis.com\/open\/#\/schema\/logo\/image\/\",\"url\":\"https:\/\/www.captennis.com\/open\/wp-content\/uploads\/2014\/03\/logo.png\",\"contentUrl\":\"https:\/\/www.captennis.com\/open\/wp-content\/uploads\/2014\/03\/logo.png\",\"width\":340,\"height\":156,\"caption\":\"CAP Tennis\"},\"image\":{\"@id\":\"https:\/\/www.captennis.com\/open\/#\/schema\/logo\/image\/\"},\"sameAs\":[\"https:\/\/www.facebook.com\/cap.tennis.5?fref=nf\"]}]}<\/script>\n<!-- \/ Yoast SEO plugin. -->","yoast_head_json":{"title":"Editos 2025 | Cap Tennis","robots":{"index":"index","follow":"follow","max-snippet":"max-snippet:-1","max-image-preview":"max-image-preview:large","max-video-preview":"max-video-preview:-1"},"canonical":"https:\/\/www.captennis.com\/open\/editos-2\/","og_locale":"fr_FR","og_type":"article","og_title":"Editos 2025 | Cap Tennis","og_url":"https:\/\/www.captennis.com\/open\/editos-2\/","og_site_name":"Cap Tennis","article_publisher":"https:\/\/www.facebook.com\/cap.tennis.5?fref=nf","article_modified_time":"2025-06-19T09:09:37+00:00","twitter_card":"summary_large_image","twitter_misc":{"Dur\u00e9e de lecture estim\u00e9e":"17 minutes"},"schema":{"@context":"https:\/\/schema.org","@graph":[{"@type":"WebPage","@id":"https:\/\/www.captennis.com\/open\/editos-2\/","url":"https:\/\/www.captennis.com\/open\/editos-2\/","name":"Editos 2025 | Cap Tennis","isPartOf":{"@id":"https:\/\/www.captennis.com\/open\/#website"},"datePublished":"2023-06-26T13:10:37+00:00","dateModified":"2025-06-19T09:09:37+00:00","breadcrumb":{"@id":"https:\/\/www.captennis.com\/open\/editos-2\/#breadcrumb"},"inLanguage":"fr-FR","potentialAction":[{"@type":"ReadAction","target":["https:\/\/www.captennis.com\/open\/editos-2\/"]}]},{"@type":"BreadcrumbList","@id":"https:\/\/www.captennis.com\/open\/editos-2\/#breadcrumb","itemListElement":[{"@type":"ListItem","position":1,"name":"Accueil","item":"https:\/\/www.captennis.com\/open\/accueil\/"},{"@type":"ListItem","position":2,"name":"Editos 2025"}]},{"@type":"WebSite","@id":"https:\/\/www.captennis.com\/open\/#website","url":"https:\/\/www.captennis.com\/open\/","name":"Cap Tennis","description":"Site Officiel du CAP Tennis - P\u00e9rigueux","publisher":{"@id":"https:\/\/www.captennis.com\/open\/#organization"},"potentialAction":[{"@type":"SearchAction","target":{"@type":"EntryPoint","urlTemplate":"https:\/\/www.captennis.com\/open\/?s={search_term_string}"},"query-input":"required name=search_term_string"}],"inLanguage":"fr-FR"},{"@type":"Organization","@id":"https:\/\/www.captennis.com\/open\/#organization","name":"CAP Tennis","url":"https:\/\/www.captennis.com\/open\/","logo":{"@type":"ImageObject","inLanguage":"fr-FR","@id":"https:\/\/www.captennis.com\/open\/#\/schema\/logo\/image\/","url":"https:\/\/www.captennis.com\/open\/wp-content\/uploads\/2014\/03\/logo.png","contentUrl":"https:\/\/www.captennis.com\/open\/wp-content\/uploads\/2014\/03\/logo.png","width":340,"height":156,"caption":"CAP Tennis"},"image":{"@id":"https:\/\/www.captennis.com\/open\/#\/schema\/logo\/image\/"},"sameAs":["https:\/\/www.facebook.com\/cap.tennis.5?fref=nf"]}]}},"_links":{"self":[{"href":"https:\/\/www.captennis.com\/open\/wp-json\/wp\/v2\/pages\/4049","targetHints":{"allow":["GET"]}}],"collection":[{"href":"https:\/\/www.captennis.com\/open\/wp-json\/wp\/v2\/pages"}],"about":[{"href":"https:\/\/www.captennis.com\/open\/wp-json\/wp\/v2\/types\/page"}],"author":[{"embeddable":true,"href":"https:\/\/www.captennis.com\/open\/wp-json\/wp\/v2\/users\/1"}],"replies":[{"embeddable":true,"href":"https:\/\/www.captennis.com\/open\/wp-json\/wp\/v2\/comments?post=4049"}],"version-history":[{"count":15,"href":"https:\/\/www.captennis.com\/open\/wp-json\/wp\/v2\/pages\/4049\/revisions"}],"predecessor-version":[{"id":4248,"href":"https:\/\/www.captennis.com\/open\/wp-json\/wp\/v2\/pages\/4049\/revisions\/4248"}],"wp:attachment":[{"href":"https:\/\/www.captennis.com\/open\/wp-json\/wp\/v2\/media?parent=4049"}],"curies":[{"name":"wp","href":"https:\/\/api.w.org\/{rel}","templated":true}]}}